{"id":670,"date":"2021-03-29T22:23:53","date_gmt":"2021-03-29T21:23:53","guid":{"rendered":"https:\/\/www.rethinkconstruction.net\/?page_id=670"},"modified":"2021-03-29T22:40:41","modified_gmt":"2021-03-29T21:40:41","slug":"green-deal-2050-bauen-fur-eine-klimaneutrale-zukunft-losungen-gesucht-28","status":"publish","type":"page","link":"https:\/\/www.rethinkconstruction.net\/index.php\/green-deal-2050-bauen-fur-eine-klimaneutrale-zukunft-losungen-gesucht-28\/","title":{"rendered":"Green Deal 2050: Bauen f\u00fcr eine klimaneutrale Zukunft \u2013 L\u00f6sungen gesucht"},"content":{"rendered":"\t\t<div data-elementor-type=\"wp-page\" data-elementor-id=\"670\" class=\"elementor elementor-670\" data-elementor-post-type=\"page\">\n\t\t\t\t\t\t<section class=\"elementor-section elementor-top-section elementor-element elementor-element-c12fb67 elementor-section-boxed elementor-section-height-default elementor-section-height-default\" data-id=\"c12fb67\" data-element_type=\"section\" data-e-type=\"section\">\n\t\t\t\t\t\t<div class=\"elementor-container elementor-column-gap-default\">\n\t\t\t\t\t<div class=\"elementor-column elementor-col-66 elementor-top-column elementor-element elementor-element-93e3de3\" data-id=\"93e3de3\" data-element_type=\"column\" data-e-type=\"column\">\n\t\t\t<div class=\"elementor-widget-wrap elementor-element-populated\">\n\t\t\t\t\t\t<div class=\"elementor-element elementor-element-710f2d4 elementor-widget elementor-widget-heading\" data-id=\"710f2d4\" data-element_type=\"widget\" data-e-type=\"widget\" data-widget_type=\"heading.default\">\n\t\t\t\t<div class=\"elementor-widget-container\">\n\t\t\t\t\t<h1 class=\"elementor-heading-title elementor-size-default\">Green Deal 2050: Bauen f\u00fcr eine klimaneutrale Zukunft \u2013 L\u00f6sungen gesucht<\/h1>\t\t\t\t<\/div>\n\t\t\t\t<\/div>\n\t\t\t\t<div class=\"elementor-element elementor-element-ebaa2ba elementor-widget elementor-widget-heading\" data-id=\"ebaa2ba\" data-element_type=\"widget\" data-e-type=\"widget\" data-widget_type=\"heading.default\">\n\t\t\t\t<div class=\"elementor-widget-container\">\n\t\t\t\t\t<h2 class=\"elementor-heading-title elementor-size-default\">Zum Nachlesen<\/h2>\t\t\t\t<\/div>\n\t\t\t\t<\/div>\n\t\t\t\t<div class=\"elementor-element elementor-element-3ac7da7 elementor-widget elementor-widget-text-editor\" data-id=\"3ac7da7\" data-element_type=\"widget\" data-e-type=\"widget\" data-widget_type=\"text-editor.default\">\n\t\t\t\t<div class=\"elementor-widget-container\">\n\t\t\t\t\t\t\t\t\t<div class=\"page\" title=\"Page 1\"><div class=\"layoutArea\"><div class=\"column\"><p>Nur mit gebu\u0308ndelter Kompetenz lassen sich die Herausforderungen des zukunftsfa\u0308higen Bauens bewa\u0308ltigen. Forschung und Industrie werden enger als bisher zusammenarbeiten. Die Politik kann diese no\u0308tigen Kooperationen forcieren.<\/p><\/div><\/div><\/div>\t\t\t\t\t\t\t\t<\/div>\n\t\t\t\t<\/div>\n\t\t\t\t<div class=\"elementor-element elementor-element-2d3d9fd elementor-icon-list--layout-traditional elementor-list-item-link-full_width elementor-widget elementor-widget-icon-list\" data-id=\"2d3d9fd\" data-element_type=\"widget\" data-e-type=\"widget\" data-widget_type=\"icon-list.default\">\n\t\t\t\t<div class=\"elementor-widget-container\">\n\t\t\t\t\t\t\t<ul class=\"elementor-icon-list-items\">\n\t\t\t\t\t\t\t<li class=\"elementor-icon-list-item\">\n\t\t\t\t\t\t\t\t\t\t\t<a href=\"https:\/\/www.rethinkconstruction.net\/wp-content\/uploads\/2021\/03\/PI_ReConstruct-GreenDeal.pdf\" target=\"_blank\">\n\n\t\t\t\t\t\t\t\t\t\t\t\t<span class=\"elementor-icon-list-icon\">\n\t\t\t\t\t\t\t<i aria-hidden=\"true\" class=\"far fa-arrow-alt-circle-down\"><\/i>\t\t\t\t\t\t<\/span>\n\t\t\t\t\t\t\t\t\t\t<span class=\"elementor-icon-list-text\">Download Presseinformation<\/span>\n\t\t\t\t\t\t\t\t\t\t\t<\/a>\n\t\t\t\t\t\t\t\t\t<\/li>\n\t\t\t\t\t\t<\/ul>\n\t\t\t\t\t\t<\/div>\n\t\t\t\t<\/div>\n\t\t\t\t<div class=\"elementor-element elementor-element-d701afd elementor-widget elementor-widget-heading\" data-id=\"d701afd\" data-element_type=\"widget\" data-e-type=\"widget\" data-widget_type=\"heading.default\">\n\t\t\t\t<div class=\"elementor-widget-container\">\n\t\t\t\t\t<h2 class=\"elementor-heading-title elementor-size-default\">Zum Nachsehen<\/h2>\t\t\t\t<\/div>\n\t\t\t\t<\/div>\n\t\t\t\t<div class=\"elementor-element elementor-element-51cd19e elementor-widget elementor-widget-text-editor\" data-id=\"51cd19e\" data-element_type=\"widget\" data-e-type=\"widget\" data-widget_type=\"text-editor.default\">\n\t\t\t\t<div class=\"elementor-widget-container\">\n\t\t\t\t\t\t\t\t\t<div class=\"page\" title=\"Page 1\"><div class=\"layoutArea\"><div class=\"column\"><p>Die Aufnahme zum Online-Event:<\/p><\/div><\/div><\/div>\t\t\t\t\t\t\t\t<\/div>\n\t\t\t\t<\/div>\n\t\t\t\t<div class=\"elementor-element elementor-element-c5a0494 elementor-icon-list--layout-traditional elementor-list-item-link-full_width elementor-widget elementor-widget-icon-list\" data-id=\"c5a0494\" data-element_type=\"widget\" data-e-type=\"widget\" data-widget_type=\"icon-list.default\">\n\t\t\t\t<div class=\"elementor-widget-container\">\n\t\t\t\t\t\t\t<ul class=\"elementor-icon-list-items\">\n\t\t\t\t\t\t\t<li class=\"elementor-icon-list-item\">\n\t\t\t\t\t\t\t\t\t\t\t<a href=\"https:\/\/events.streaming.at\/GD-20210322\" target=\"_blank\">\n\n\t\t\t\t\t\t\t\t\t\t\t\t<span class=\"elementor-icon-list-icon\">\n\t\t\t\t\t\t\t<i aria-hidden=\"true\" class=\"far fa-file-video\"><\/i>\t\t\t\t\t\t<\/span>\n\t\t\t\t\t\t\t\t\t\t<span class=\"elementor-icon-list-text\">Event nachsehen<\/span>\n\t\t\t\t\t\t\t\t\t\t\t<\/a>\n\t\t\t\t\t\t\t\t\t<\/li>\n\t\t\t\t\t\t<\/ul>\n\t\t\t\t\t\t<\/div>\n\t\t\t\t<\/div>\n\t\t\t\t\t<\/div>\n\t\t<\/div>\n\t\t\t\t<div class=\"elementor-column elementor-col-33 elementor-top-column elementor-element elementor-element-47c7b61\" data-id=\"47c7b61\" data-element_type=\"column\" data-e-type=\"column\">\n\t\t\t<div class=\"elementor-widget-wrap elementor-element-populated\">\n\t\t\t\t\t\t<div class=\"elementor-element elementor-element-544cd48 elementor-widget elementor-widget-heading\" data-id=\"544cd48\" data-element_type=\"widget\" data-e-type=\"widget\" data-widget_type=\"heading.default\">\n\t\t\t\t<div class=\"elementor-widget-container\">\n\t\t\t\t\t<h2 class=\"elementor-heading-title elementor-size-default\">Fotos<\/h2>\t\t\t\t<\/div>\n\t\t\t\t<\/div>\n\t\t\t\t<div class=\"elementor-element elementor-element-8444bed elementor-skin-slideshow elementor-arrows-yes elementor-widget elementor-widget-media-carousel\" data-id=\"8444bed\" data-element_type=\"widget\" data-e-type=\"widget\" data-settings=\"{&quot;skin&quot;:&quot;slideshow&quot;,&quot;slideshow_slides_per_view&quot;:&quot;4&quot;,&quot;centered_slides&quot;:&quot;yes&quot;,&quot;space_between&quot;:{&quot;unit&quot;:&quot;px&quot;,&quot;size&quot;:0,&quot;sizes&quot;:[]},&quot;effect&quot;:&quot;slide&quot;,&quot;show_arrows&quot;:&quot;yes&quot;,&quot;speed&quot;:500,&quot;autoplay&quot;:&quot;yes&quot;,&quot;autoplay_speed&quot;:5000,&quot;loop&quot;:&quot;yes&quot;,&quot;pause_on_hover&quot;:&quot;yes&quot;,&quot;pause_on_interaction&quot;:&quot;yes&quot;,&quot;space_between_tablet&quot;:{&quot;unit&quot;:&quot;px&quot;,&quot;size&quot;:10,&quot;sizes&quot;:[]},&quot;space_between_mobile&quot;:{&quot;unit&quot;:&quot;px&quot;,&quot;size&quot;:10,&quot;sizes&quot;:[]}}\" data-widget_type=\"media-carousel.default\">\n\t\t\t\t<div class=\"elementor-widget-container\">\n\t\t\t\t\t\t\t\t\t<div class=\"elementor-swiper\">\n\t\t\t\t\t<div class=\"elementor-main-swiper swiper\" role=\"region\" aria-roledescription=\"carousel\" aria-label=\"Slides\">\n\t\t\t\t<div class=\"swiper-wrapper\">\n\t\t\t\t\t\t\t\t\t\t\t<div class=\"swiper-slide\" role=\"group\" aria-roledescription=\"slide\">\n\t\t\t\t\t\t\t\t\t<div class=\"elementor-carousel-image\" role=\"img\" aria-label=\"Im Bild v.l.n.r.:  Mag. Robert Schmid (Obmann FV Steine Keramik), Leonore Gewessler Bundesministerin f\u00fcr Klimaschutz, Umwelt, Energie, Mobilit\u00e4t, Innovation und Technologie), Dr. Andreas Pfeiler (GF FV Steine Keramik), Renate Hammer (Gesch\u00e4ftsf\u00fchrende Gesellschafterin am Institute of Building Research &amp; Innovation), Christian Egenhofer (Leiter des Energy and Climate Programme am Center for European Policy Studies)\" style=\"background-image: url(&#039;https:\/\/www.rethinkconstruction.net\/wp-content\/uploads\/2021\/03\/001_20210322_b-scaled.jpg&#039;)\">\n\n\t\t\t\n\t\t\t\t\t<\/div>\n\t\t\t\t\t\t\t\t<\/div>\n\t\t\t\t\t\t\t\t\t\t\t<div class=\"swiper-slide\" role=\"group\" aria-roledescription=\"slide\">\n\t\t\t\t\t\t\t\t\t<div class=\"elementor-carousel-image\" role=\"img\" aria-label=\"Online-Diskussion &quot;Green Deal 2050&quot;:\nBauen fu?r eine klimaneutrale Zukunft \u0096 L\u00f6sungen gesucht\n\nEs diskutierten: BM Eleonore Gewessler gemeinsam mit nationalen und internationalen Experten.\" style=\"background-image: url(&#039;https:\/\/www.rethinkconstruction.net\/wp-content\/uploads\/2021\/03\/004_20210322_b-scaled.jpg&#039;)\">\n\n\t\t\t\n\t\t\t\t\t<\/div>\n\t\t\t\t\t\t\t\t<\/div>\n\t\t\t\t\t\t\t\t\t\t\t<div class=\"swiper-slide\" role=\"group\" aria-roledescription=\"slide\">\n\t\t\t\t\t\t\t\t\t<div class=\"elementor-carousel-image\" role=\"img\" aria-label=\"Online-Diskussion &quot;Green Deal 2050&quot;:\nBauen fu?r eine klimaneutrale Zukunft \u0096 L\u00f6sungen gesucht\n\nEs diskutierten: BM Eleonore Gewessler gemeinsam mit nationalen und internationalen Experten.\" style=\"background-image: url(&#039;https:\/\/www.rethinkconstruction.net\/wp-content\/uploads\/2021\/03\/005_20210322_b-scaled.jpg&#039;)\">\n\n\t\t\t\n\t\t\t\t\t<\/div>\n\t\t\t\t\t\t\t\t<\/div>\n\t\t\t\t\t\t\t\t\t\t\t<div class=\"swiper-slide\" role=\"group\" aria-roledescription=\"slide\">\n\t\t\t\t\t\t\t\t\t<div class=\"elementor-carousel-image\" role=\"img\" aria-label=\"Online-Diskussion &quot;Green Deal 2050&quot;:\nBauen fu?r eine klimaneutrale Zukunft \u0096 L\u00f6sungen gesucht\n\nEs diskutierten: BM Eleonore Gewessler gemeinsam mit nationalen und internationalen Experten.\" style=\"background-image: url(&#039;https:\/\/www.rethinkconstruction.net\/wp-content\/uploads\/2021\/03\/017_20210322_b-scaled.jpg&#039;)\">\n\n\t\t\t\n\t\t\t\t\t<\/div>\n\t\t\t\t\t\t\t\t<\/div>\n\t\t\t\t\t\t\t\t\t\t\t<div class=\"swiper-slide\" role=\"group\" aria-roledescription=\"slide\">\n\t\t\t\t\t\t\t\t\t<div class=\"elementor-carousel-image\" role=\"img\" aria-label=\"Online-Diskussion &quot;Green Deal 2050&quot;:\nBauen fu?r eine klimaneutrale Zukunft \u0096 L\u00f6sungen gesucht\n\nEs diskutierten: BM Eleonore Gewessler gemeinsam mit nationalen und internationalen Experten.\" style=\"background-image: url(&#039;https:\/\/www.rethinkconstruction.net\/wp-content\/uploads\/2021\/03\/016_20210322_b-scaled.jpg&#039;)\">\n\n\t\t\t\n\t\t\t\t\t<\/div>\n\t\t\t\t\t\t\t\t<\/div>\n\t\t\t\t\t\t\t\t\t\t\t<div class=\"swiper-slide\" role=\"group\" aria-roledescription=\"slide\">\n\t\t\t\t\t\t\t\t\t<div class=\"elementor-carousel-image\" role=\"img\" aria-label=\"Online-Diskussion &quot;Green Deal 2050&quot;:\nBauen fu?r eine klimaneutrale Zukunft \u0096 L\u00f6sungen gesucht\n\nEs diskutierten: BM Eleonore Gewessler gemeinsam mit nationalen und internationalen Experten.\" style=\"background-image: url(&#039;https:\/\/www.rethinkconstruction.net\/wp-content\/uploads\/2021\/03\/018_20210322_b-scaled.jpg&#039;)\">\n\n\t\t\t\n\t\t\t\t\t<\/div>\n\t\t\t\t\t\t\t\t<\/div>\n\t\t\t\t\t\t\t\t\t\t\t<div class=\"swiper-slide\" role=\"group\" aria-roledescription=\"slide\">\n\t\t\t\t\t\t\t\t\t<div class=\"elementor-carousel-image\" role=\"img\" aria-label=\"Online-Diskussion &quot;Green Deal 2050&quot;:\nBauen fu?r eine klimaneutrale Zukunft \u0096 L\u00f6sungen gesucht\n\nEs diskutierten: BM Eleonore Gewessler gemeinsam mit nationalen und internationalen Experten.\" style=\"background-image: url(&#039;https:\/\/www.rethinkconstruction.net\/wp-content\/uploads\/2021\/03\/025_20210322_b-scaled.jpg&#039;)\">\n\n\t\t\t\n\t\t\t\t\t<\/div>\n\t\t\t\t\t\t\t\t<\/div>\n\t\t\t\t\t\t\t\t\t\t\t<div class=\"swiper-slide\" role=\"group\" aria-roledescription=\"slide\">\n\t\t\t\t\t\t\t\t\t<div class=\"elementor-carousel-image\" role=\"img\" aria-label=\"Online-Diskussion &quot;Green Deal 2050&quot;:\nBauen fu?r eine klimaneutrale Zukunft \u0096 L\u00f6sungen gesucht\n\nEs diskutierten: BM Eleonore Gewessler gemeinsam mit nationalen und internationalen Experten.\" style=\"background-image: url(&#039;https:\/\/www.rethinkconstruction.net\/wp-content\/uploads\/2021\/03\/026_20210322_b-scaled.jpg&#039;)\">\n\n\t\t\t\n\t\t\t\t\t<\/div>\n\t\t\t\t\t\t\t\t<\/div>\n\t\t\t\t\t\t\t\t\t<\/div>\n\t\t\t\t\t\t\t\t\t\t\t\t\t\t\t<div class=\"elementor-swiper-button elementor-swiper-button-prev\" role=\"button\" tabindex=\"0\" aria-label=\"Previous\">\n\t\t\t\t\t\t\t<i aria-hidden=\"true\" class=\"eicon-chevron-left\"><\/i>\t\t\t\t\t\t<\/div>\n\t\t\t\t\t\t<div class=\"elementor-swiper-button elementor-swiper-button-next\" role=\"button\" tabindex=\"0\" aria-label=\"Next\">\n\t\t\t\t\t\t\t<i aria-hidden=\"true\" class=\"eicon-chevron-right\"><\/i>\t\t\t\t\t\t<\/div>\n\t\t\t\t\t\t\t\t\t\t\t\t\t\t\t\t\t<\/div>\n\t\t\t\t<\/div>\n\t\t\t\t\t\t\t\t<div class=\"elementor-swiper\">\n\t\t\t\t\t<div class=\"elementor-main-swiper swiper elementor-thumbnails-swiper swiper\" role=\"region region\" aria-roledescription=\"carousel carousel\" aria-label=\"Slides Slides\">\n\t\t\t\t<div class=\"swiper-wrapper\">\n\t\t\t\t\t\t\t\t\t\t\t<div class=\"swiper-slide\" role=\"group\" aria-roledescription=\"slide\">\n\t\t\t\t\t\t\t\t\t<div class=\"elementor-carousel-image\" role=\"img\" aria-label=\"Im Bild v.l.n.r.:  Mag. Robert Schmid (Obmann FV Steine Keramik), Leonore Gewessler Bundesministerin f\u00fcr Klimaschutz, Umwelt, Energie, Mobilit\u00e4t, Innovation und Technologie), Dr. Andreas Pfeiler (GF FV Steine Keramik), Renate Hammer (Gesch\u00e4ftsf\u00fchrende Gesellschafterin am Institute of Building Research &amp; Innovation), Christian Egenhofer (Leiter des Energy and Climate Programme am Center for European Policy Studies)\" style=\"background-image: url(&#039;https:\/\/www.rethinkconstruction.net\/wp-content\/uploads\/2021\/03\/001_20210322_b-scaled.jpg&#039;)\">\n\n\t\t\t\n\t\t\t\t\t<\/div>\n\t\t\t\t\t\t\t\t<\/div>\n\t\t\t\t\t\t\t\t\t\t\t<div class=\"swiper-slide\" role=\"group\" aria-roledescription=\"slide\">\n\t\t\t\t\t\t\t\t\t<div class=\"elementor-carousel-image\" role=\"img\" aria-label=\"Online-Diskussion &quot;Green Deal 2050&quot;:\nBauen fu?r eine klimaneutrale Zukunft \u0096 L\u00f6sungen gesucht\n\nEs diskutierten: BM Eleonore Gewessler gemeinsam mit nationalen und internationalen Experten.\" style=\"background-image: url(&#039;https:\/\/www.rethinkconstruction.net\/wp-content\/uploads\/2021\/03\/004_20210322_b-scaled.jpg&#039;)\">\n\n\t\t\t\n\t\t\t\t\t<\/div>\n\t\t\t\t\t\t\t\t<\/div>\n\t\t\t\t\t\t\t\t\t\t\t<div class=\"swiper-slide\" role=\"group\" aria-roledescription=\"slide\">\n\t\t\t\t\t\t\t\t\t<div class=\"elementor-carousel-image\" role=\"img\" aria-label=\"Online-Diskussion &quot;Green Deal 2050&quot;:\nBauen fu?r eine klimaneutrale Zukunft \u0096 L\u00f6sungen gesucht\n\nEs diskutierten: BM Eleonore Gewessler gemeinsam mit nationalen und internationalen Experten.\" style=\"background-image: url(&#039;https:\/\/www.rethinkconstruction.net\/wp-content\/uploads\/2021\/03\/005_20210322_b-scaled.jpg&#039;)\">\n\n\t\t\t\n\t\t\t\t\t<\/div>\n\t\t\t\t\t\t\t\t<\/div>\n\t\t\t\t\t\t\t\t\t\t\t<div class=\"swiper-slide\" role=\"group\" aria-roledescription=\"slide\">\n\t\t\t\t\t\t\t\t\t<div class=\"elementor-carousel-image\" role=\"img\" aria-label=\"Online-Diskussion &quot;Green Deal 2050&quot;:\nBauen fu?r eine klimaneutrale Zukunft \u0096 L\u00f6sungen gesucht\n\nEs diskutierten: BM Eleonore Gewessler gemeinsam mit nationalen und internationalen Experten.\" style=\"background-image: url(&#039;https:\/\/www.rethinkconstruction.net\/wp-content\/uploads\/2021\/03\/017_20210322_b-scaled.jpg&#039;)\">\n\n\t\t\t\n\t\t\t\t\t<\/div>\n\t\t\t\t\t\t\t\t<\/div>\n\t\t\t\t\t\t\t\t\t\t\t<div class=\"swiper-slide\" role=\"group\" aria-roledescription=\"slide\">\n\t\t\t\t\t\t\t\t\t<div class=\"elementor-carousel-image\" role=\"img\" aria-label=\"Online-Diskussion &quot;Green Deal 2050&quot;:\nBauen fu?r eine klimaneutrale Zukunft \u0096 L\u00f6sungen gesucht\n\nEs diskutierten: BM Eleonore Gewessler gemeinsam mit nationalen und internationalen Experten.\" style=\"background-image: url(&#039;https:\/\/www.rethinkconstruction.net\/wp-content\/uploads\/2021\/03\/016_20210322_b-scaled.jpg&#039;)\">\n\n\t\t\t\n\t\t\t\t\t<\/div>\n\t\t\t\t\t\t\t\t<\/div>\n\t\t\t\t\t\t\t\t\t\t\t<div class=\"swiper-slide\" role=\"group\" aria-roledescription=\"slide\">\n\t\t\t\t\t\t\t\t\t<div class=\"elementor-carousel-image\" role=\"img\" aria-label=\"Online-Diskussion &quot;Green Deal 2050&quot;:\nBauen fu?r eine klimaneutrale Zukunft \u0096 L\u00f6sungen gesucht\n\nEs diskutierten: BM Eleonore Gewessler gemeinsam mit nationalen und internationalen Experten.\" style=\"background-image: url(&#039;https:\/\/www.rethinkconstruction.net\/wp-content\/uploads\/2021\/03\/018_20210322_b-scaled.jpg&#039;)\">\n\n\t\t\t\n\t\t\t\t\t<\/div>\n\t\t\t\t\t\t\t\t<\/div>\n\t\t\t\t\t\t\t\t\t\t\t<div class=\"swiper-slide\" role=\"group\" aria-roledescription=\"slide\">\n\t\t\t\t\t\t\t\t\t<div class=\"elementor-carousel-image\" role=\"img\" aria-label=\"Online-Diskussion &quot;Green Deal 2050&quot;:\nBauen fu?r eine klimaneutrale Zukunft \u0096 L\u00f6sungen gesucht\n\nEs diskutierten: BM Eleonore Gewessler gemeinsam mit nationalen und internationalen Experten.\" style=\"background-image: url(&#039;https:\/\/www.rethinkconstruction.net\/wp-content\/uploads\/2021\/03\/025_20210322_b-scaled.jpg&#039;)\">\n\n\t\t\t\n\t\t\t\t\t<\/div>\n\t\t\t\t\t\t\t\t<\/div>\n\t\t\t\t\t\t\t\t\t\t\t<div class=\"swiper-slide\" role=\"group\" aria-roledescription=\"slide\">\n\t\t\t\t\t\t\t\t\t<div class=\"elementor-carousel-image\" role=\"img\" aria-label=\"Online-Diskussion &quot;Green Deal 2050&quot;:\nBauen fu?r eine klimaneutrale Zukunft \u0096 L\u00f6sungen gesucht\n\nEs diskutierten: BM Eleonore Gewessler gemeinsam mit nationalen und internationalen Experten.\" style=\"background-image: url(&#039;https:\/\/www.rethinkconstruction.net\/wp-content\/uploads\/2021\/03\/026_20210322_b-scaled.jpg&#039;)\">\n\n\t\t\t\n\t\t\t\t\t<\/div>\n\t\t\t\t\t\t\t\t<\/div>\n\t\t\t\t\t\t\t\t\t<\/div>\n\t\t\t\t\t\t\t\t\t\t\t\t\t\t\t\t\t\t\t\t\t<\/div>\n\t\t\t\t<\/div>\n\t\t\t\t\t\t\t\t<\/div>\n\t\t\t\t<\/div>\n\t\t\t\t<div class=\"elementor-element elementor-element-f712472 elementor-widget elementor-widget-text-editor\" data-id=\"f712472\" data-element_type=\"widget\" data-e-type=\"widget\" data-widget_type=\"text-editor.default\">\n\t\t\t\t<div class=\"elementor-widget-container\">\n\t\t\t\t\t\t\t\t\t<p><span lang=\"DE-AT\">Fotos APA\/Schedl<\/span><\/p>\t\t\t\t\t\t\t\t<\/div>\n\t\t\t\t<\/div>\n\t\t\t\t\t<\/div>\n\t\t<\/div>\n\t\t\t\t\t<\/div>\n\t\t<\/section>\n\t\t\t\t<\/div>\n\t\t","protected":false},"excerpt":{"rendered":"<p>Green Deal 2050: Bauen f\u00fcr eine klimaneutrale Zukunft \u2013 L\u00f6sungen gesucht Zum Nachlesen Nur mit geb\u00fcndelter Kompetenz lassen sich die Herausforderungen des zukunftsf\u00e4higen Bauens bew\u00e4ltigen. Forschung und Industrie werden enger als bisher zusammenarbeiten. Die Politik kann diese n\u00f6tigen Kooperationen forcieren. Download Presseinformation Zum Nachsehen Die Aufnahme zum Online-Event: Event nachsehen Fotos Previous Next Fotos APA\/Schedl<\/p>\n","protected":false},"author":1,"featured_media":0,"parent":0,"menu_order":0,"comment_status":"closed","ping_status":"closed","template":"","meta":{"pmpro_default_level":"","footnotes":""},"class_list":["post-670","page","type-page","status-publish","hentry","pmpro-has-access"],"_links":{"self":[{"href":"https:\/\/www.rethinkconstruction.net\/index.php\/wp-json\/wp\/v2\/pages\/670","targetHints":{"allow":["GET"]}}],"collection":[{"href":"https:\/\/www.rethinkconstruction.net\/index.php\/wp-json\/wp\/v2\/pages"}],"about":[{"href":"https:\/\/www.rethinkconstruction.net\/index.php\/wp-json\/wp\/v2\/types\/page"}],"author":[{"embeddable":true,"href":"https:\/\/www.rethinkconstruction.net\/index.php\/wp-json\/wp\/v2\/users\/1"}],"replies":[{"embeddable":true,"href":"https:\/\/www.rethinkconstruction.net\/index.php\/wp-json\/wp\/v2\/comments?post=670"}],"version-history":[{"count":20,"href":"https:\/\/www.rethinkconstruction.net\/index.php\/wp-json\/wp\/v2\/pages\/670\/revisions"}],"predecessor-version":[{"id":731,"href":"https:\/\/www.rethinkconstruction.net\/index.php\/wp-json\/wp\/v2\/pages\/670\/revisions\/731"}],"wp:attachment":[{"href":"https:\/\/www.rethinkconstruction.net\/index.php\/wp-json\/wp\/v2\/media?parent=670"}],"curies":[{"name":"wp","href":"https:\/\/api.w.org\/{rel}","templated":true}]}}